{"id":24,"date":"2013-06-13T20:51:53","date_gmt":"2013-06-13T20:51:53","guid":{"rendered":"http:\/\/parcdesheros.org\/?page_id=24"},"modified":"2013-09-18T21:10:18","modified_gmt":"2013-09-18T21:10:18","slug":"a-propos-du-projet","status":"publish","type":"page","link":"https:\/\/www.heroesparkbeaconsfield.org\/fr\/a-propos-du-projet\/","title":{"rendered":"\u00c0 propos du projet"},"content":{"rendered":"<h2>Notre mission<\/h2>\n<p>\u00c0 la veille de comm\u00e9morer le 100e anniversaire de la Premi\u00e8re Guerre mondiale, \u00e9riger un monument comm\u00e9moratif dans un parc de la ville de Beaconsfield, Qu\u00e9bec \u00e0 la m\u00e9moire des hommes et femmes de ceux qui ont servi et se sont sacrifi\u00e9s au service de leurs communaut\u00e9s et de la Nation canadienne.<\/p>\n<h3>Inclusif<\/h3>\n<p>Un parc qui comm\u00e9morera et honorera les militaires et aussi nos protecteurs communautaires contemporains soit les policiers, pompiers et premiers r\u00e9pondants et fera la promotion du service public.<\/p>\n<h3>Phases du projet<\/h3>\n<p><strong>Phase 1<\/strong>: Cr\u00e9ation du comit\u00e9 &#8211; f\u00e9vrier 2012<br \/>\n<strong>Phase 2<\/strong>: Approbation du conseil de ville &#8211; juillet 2012<br \/>\n<strong>Phase 3<\/strong>: Concept de l\u2019architecte &#8211; septembre 2012<br \/>\n<strong>Phase 4<\/strong>: Application \u00e0 ACC &#8211; janvier 2013<br \/>\n<strong>Phase 5<\/strong>: Lev\u00e9e de fonds &#8211; 2013<br \/>\n<strong>Phase 6<\/strong>: Construction &#8211; Printemps 2014<br \/>\n<strong>Phase 7<\/strong>: Cons\u00e9cration &#8211; Automne 2014<br \/>\n<strong>Phase 8<\/strong>: Rapport de fin de projet &#8211; novembre 2014<\/p>\n<p><iframe loading=\"lazy\" title=\"Parc des H\u00e9ros Beaconsfield\" width=\"660\" height=\"371\" src=\"https:\/\/www.youtube.com\/embed\/VwO_8xt1Sk8?feature=oembed\" frameborder=\"0\" allow=\"accelerometer; autoplay; clipboard-write; encrypted-media; gyroscope; picture-in-picture; web-share\" referrerpolicy=\"strict-origin-when-cross-origin\" allowfullscreen><\/iframe><\/p>\n","protected":false},"excerpt":{"rendered":"<p>Notre mission \u00c0 la veille de comm\u00e9morer le 100e anniversaire de la Premi\u00e8re Guerre mondiale, \u00e9riger un monument comm\u00e9moratif dans un parc de la ville de Beaconsfield, Qu\u00e9bec \u00e0 la m\u00e9moire des hommes et femmes de ceux qui ont servi et se sont sacrifi\u00e9s au service de leurs communaut\u00e9s et &#8230;<\/p>\n","protected":false},"author":1,"featured_media":0,"parent":0,"menu_order":0,"comment_status":"closed","ping_status":"open","template":"","meta":{"jetpack_post_was_ever_published":false,"footnotes":""},"class_list":["post-24","page","type-page","status-publish","hentry","column","twocol"],"jetpack_shortlink":"https:\/\/wp.me\/P3DNsS-o","jetpack_sharing_enabled":true,"_links":{"self":[{"href":"https:\/\/www.heroesparkbeaconsfield.org\/fr\/wp-json\/wp\/v2\/pages\/24","targetHints":{"allow":["GET"]}}],"collection":[{"href":"https:\/\/www.heroesparkbeaconsfield.org\/fr\/wp-json\/wp\/v2\/pages"}],"about":[{"href":"https:\/\/www.heroesparkbeaconsfield.org\/fr\/wp-json\/wp\/v2\/types\/page"}],"author":[{"embeddable":true,"href":"https:\/\/www.heroesparkbeaconsfield.org\/fr\/wp-json\/wp\/v2\/users\/1"}],"replies":[{"embeddable":true,"href":"https:\/\/www.heroesparkbeaconsfield.org\/fr\/wp-json\/wp\/v2\/comments?post=24"}],"version-history":[{"count":4,"href":"https:\/\/www.heroesparkbeaconsfield.org\/fr\/wp-json\/wp\/v2\/pages\/24\/revisions"}],"predecessor-version":[{"id":84,"href":"https:\/\/www.heroesparkbeaconsfield.org\/fr\/wp-json\/wp\/v2\/pages\/24\/revisions\/84"}],"wp:attachment":[{"href":"https:\/\/www.heroesparkbeaconsfield.org\/fr\/wp-json\/wp\/v2\/media?parent=24"}],"curies":[{"name":"wp","href":"https:\/\/api.w.org\/{rel}","templated":true}]}}