{"id":61,"date":"2013-08-28T21:19:35","date_gmt":"2013-08-28T21:19:35","guid":{"rendered":"http:\/\/parcdesheros.org\/?page_id=61"},"modified":"2014-08-18T15:19:43","modified_gmt":"2014-08-18T15:19:43","slug":"temoignage-dappuis","status":"publish","type":"page","link":"https:\/\/www.heroesparkbeaconsfield.org\/fr\/a-propos-du-projet\/temoignage-dappuis\/","title":{"rendered":"T\u00e9moignage d\u2019appuis"},"content":{"rendered":"<p><strong>Brigadier g\u00e9n\u00e9ral St\u00e9phane Lafaut, OMM, CSM, CD<\/strong><br \/>\n<a href=\"http:\/\/heroespark.org\/wp-content\/uploads\/2014\/08\/Lettre-Du-General.pdf\">[acc\u00e9der]<\/a><\/p>\n<p><strong>R\u00e9solution &#8211; Ville de Beaconsfield<\/strong><br \/>\n#2012-07-753<br \/>\n<a href=\"http:\/\/heroespark.org\/wp-content\/uploads\/2013\/08\/resolution.pdf\">[acc\u00e9der]<\/a><\/p>\n<p><strong>M. Georges Bourelle<\/strong><br \/>\nMaire de Beaconsfield et conseil &#8211; mandat 2013 \u00e0 2017<br \/>\n<a href=\"http:\/\/heroespark.org\/wp-content\/uploads\/2013\/05\/War-Memorial-Project-Richard-Gratton.pdf\" title=\"Georges Bourelle, Beaconsfield\" target=\"_blank\">[acc\u00e9der]<\/a><\/p>\n<p><strong>M. David Pollock<\/strong><br \/>\nMaire de Beaconsfield et conseil &#8211; mandat 2009 \u00e0 2013<br \/>\n<a href=\"http:\/\/heroespark.org\/wp-content\/uploads\/2013\/08\/beaconsfield.pdf\">[acc\u00e9der]<\/a><\/p>\n<p><strong>Charlene Vacon<\/strong><br \/>\nCommunications Manager, Urgences-Sant\u00e9 Qu\u00e9bec<br \/>\n<a href=\"http:\/\/heroespark.org\/wp-content\/uploads\/2014\/03\/UrgencesSante-.pdf\">[VIEW]<\/a><\/p>\n<p><strong>M. Francis Scarpaleggia<\/strong><br \/>\nD\u00e9put\u00e9 Lac Saint Louis<br \/>\n<a href=\"http:\/\/heroespark.org\/wp-content\/uploads\/2013\/08\/scarpaleggia.pdf\">[acc\u00e9der]<\/a><\/p>\n<p><strong>Le tr\u00e8s honorable Peter MacKay<\/strong><br \/>\nMinistre de la d\u00e9fense nationale<br \/>\n<a href=\"http:\/\/heroespark.org\/wp-content\/uploads\/2013\/08\/mackay.pdf\">[acc\u00e9der]<\/a><\/p>\n<p><strong>M. Larry W. Smith<\/strong><br \/>\nS\u00e9nat du Canada<br \/>\n<a href=\"http:\/\/heroespark.org\/wp-content\/uploads\/2013\/08\/smith.pdf\">[acc\u00e9der]<\/a><\/p>\n<p><strong>Mme. Barbara Barclay<\/strong><br \/>\nPr\u00e9sident, La Soci\u00e9t\u00e9 historique de Beaurepaire &#8211; Beaconsfield<br \/>\n<a href=\"http:\/\/heroespark.org\/wp-content\/uploads\/2013\/08\/beaconsfield-historical.pdf\">[acc\u00e9der]<\/a><\/p>\n<p><strong>M. Kevin MacCready<\/strong><br \/>\nPr\u00e9sident, L\u00e9gion Royale Canadienne, Filiale 91, Sainte Anne de Bellevue<br \/>\n<a href=\"http:\/\/heroespark.org\/wp-content\/uploads\/2013\/08\/legion-91.jpeg\">[acc\u00e9der]<\/a><\/p>\n<p><strong>Mme. Margaret Thomas<\/strong><br \/>\nPr\u00e9sident, L\u00e9gion Royale Canadienne, Filiale 57, Pointe-Claire<br \/>\n<a href=\"http:\/\/heroespark.org\/wp-content\/uploads\/2013\/08\/legion-57.pdf\">[acc\u00e9der]<\/a><\/p>\n<p><strong>M. Andr\u00e9 Labelle, CD<\/strong><br \/>\nPr\u00e9sident, Escadre 394 (Ouest de l&#8217;ile)<br \/>\nAssociation des Forces a\u00e9riennes du Canada<br \/>\n<a href=\"http:\/\/heroespark.org\/wp-content\/uploads\/2013\/08\/air-force.pdf\">[acc\u00e9der]<\/a><\/p>\n<p><strong>M. Geoffrey Kelley<\/strong><br \/>\nD\u00e9put\u00e9 de Jacques Cartier<br \/>\n<a href=\"http:\/\/heroespark.org\/wp-content\/uploads\/2013\/08\/kelley.pdf\">[acc\u00e9der]<\/a><\/p>\n<p><strong>M. John Ciaccia<\/strong><br \/>\nR\u00e9sident du Beaconsfield<br \/>\n<a href=\"http:\/\/heroespark.org\/wp-content\/uploads\/2013\/09\/johnc.pdf\" title=\"John Ciaccia\">[acc\u00e9der]<\/a><\/p>\n<p><strong>M. Mario Laprise<\/strong><br \/>\nDirecteur G\u00e9n\u00e9ral, Suret\u00e9 du Qu\u00e9bec<br \/>\n<a href=\"http:\/\/heroespark.org\/wp-content\/uploads\/2013\/10\/laprise.pdf\" title=\"Mario Laprise\">[acc\u00e9der]<\/a><\/p>\n<p><strong>Commandant Fran\u00e7ois Desch\u00eanes<\/strong><br \/>\nCommissaire adjoint &#8211; Division C<br \/>\n<a href=\"http:\/\/heroespark.org\/wp-content\/uploads\/2013\/11\/deschenes.pdf\" title=\"Fran\u00e7ois Desch\u00eanes\">[acc\u00e9der]<\/a><\/p>\n<p><strong>Brigadier-g\u00e9n\u00e9ral Jean-Marc Lanthier<\/strong><br \/>\nCommandant &#8211; 2e Division du Canada<br \/>\n<a href=\"http:\/\/heroespark.org\/wp-content\/uploads\/2013\/11\/lanthier.pdf\" title=\"Jean-Marc Lanthier\">[acc\u00e9der]<\/a><\/p>\n<p><strong>M. Marc Parent<\/strong><br \/>\nDirecteur, Service de police de la Ville de Montr\u00e9al<br \/>\n<a href=\"http:\/\/heroespark.org\/wp-content\/uploads\/2013\/11\/parent.pdf\" title=\"Marc Parent\">[acc\u00e9der]<\/a><\/p>\n<p><img data-recalc-dims=\"1\" loading=\"lazy\" decoding=\"async\" data-attachment-id=\"164\" data-permalink=\"https:\/\/www.heroesparkbeaconsfield.org\/fr\/photos-de-la-conference-de-presse-2\/dsc_0504\/\" data-orig-file=\"https:\/\/i0.wp.com\/www.heroesparkbeaconsfield.org\/fr\/wp-content\/uploads\/2013\/10\/DSC_0504.jpg?fit=1200%2C800&amp;ssl=1\" data-orig-size=\"1200,800\" data-comments-opened=\"1\" data-image-meta=\"{&quot;aperture&quot;:&quot;0&quot;,&quot;credit&quot;:&quot;&quot;,&quot;camera&quot;:&quot;&quot;,&quot;caption&quot;:&quot;&quot;,&quot;created_timestamp&quot;:&quot;0&quot;,&quot;copyright&quot;:&quot;&quot;,&quot;focal_length&quot;:&quot;0&quot;,&quot;iso&quot;:&quot;0&quot;,&quot;shutter_speed&quot;:&quot;0&quot;,&quot;title&quot;:&quot;&quot;}\" data-image-title=\"DSC_0504\" data-image-description=\"\" data-image-caption=\"\" data-medium-file=\"https:\/\/i0.wp.com\/www.heroesparkbeaconsfield.org\/fr\/wp-content\/uploads\/2013\/10\/DSC_0504.jpg?fit=300%2C200&amp;ssl=1\" data-large-file=\"https:\/\/i0.wp.com\/www.heroesparkbeaconsfield.org\/fr\/wp-content\/uploads\/2013\/10\/DSC_0504.jpg?fit=660%2C440&amp;ssl=1\" src=\"https:\/\/i0.wp.com\/heroespark.org\/wp-content\/uploads\/2013\/06\/AR2006-H037-0029a-1024x678.jpg?resize=660%2C436\" alt=\"OP ARCHER\" width=\"660\" height=\"436\" class=\"aligncenter size-large wp-image-164\" \/><\/p>\n","protected":false},"excerpt":{"rendered":"<p>Brigadier g\u00e9n\u00e9ral St\u00e9phane Lafaut, OMM, CSM, CD [acc\u00e9der] R\u00e9solution &#8211; Ville de Beaconsfield #2012-07-753 [acc\u00e9der] M. Georges Bourelle Maire de Beaconsfield et conseil &#8211; mandat 2013 \u00e0 2017 [acc\u00e9der] M. David Pollock Maire de Beaconsfield et conseil &#8211; mandat 2009 \u00e0 2013 [acc\u00e9der] Charlene Vacon Communications Manager, Urgences-Sant\u00e9 Qu\u00e9bec [VIEW] &#8230;<\/p>\n","protected":false},"author":1,"featured_media":0,"parent":24,"menu_order":0,"comment_status":"closed","ping_status":"open","template":"","meta":{"jetpack_post_was_ever_published":false,"footnotes":""},"class_list":["post-61","page","type-page","status-publish","hentry","column","twocol"],"jetpack_shortlink":"https:\/\/wp.me\/P3DNsS-Z","jetpack_sharing_enabled":true,"_links":{"self":[{"href":"https:\/\/www.heroesparkbeaconsfield.org\/fr\/wp-json\/wp\/v2\/pages\/61","targetHints":{"allow":["GET"]}}],"collection":[{"href":"https:\/\/www.heroesparkbeaconsfield.org\/fr\/wp-json\/wp\/v2\/pages"}],"about":[{"href":"https:\/\/www.heroesparkbeaconsfield.org\/fr\/wp-json\/wp\/v2\/types\/page"}],"author":[{"embeddable":true,"href":"https:\/\/www.heroesparkbeaconsfield.org\/fr\/wp-json\/wp\/v2\/users\/1"}],"replies":[{"embeddable":true,"href":"https:\/\/www.heroesparkbeaconsfield.org\/fr\/wp-json\/wp\/v2\/comments?post=61"}],"version-history":[{"count":16,"href":"https:\/\/www.heroesparkbeaconsfield.org\/fr\/wp-json\/wp\/v2\/pages\/61\/revisions"}],"predecessor-version":[{"id":347,"href":"https:\/\/www.heroesparkbeaconsfield.org\/fr\/wp-json\/wp\/v2\/pages\/61\/revisions\/347"}],"up":[{"embeddable":true,"href":"https:\/\/www.heroesparkbeaconsfield.org\/fr\/wp-json\/wp\/v2\/pages\/24"}],"wp:attachment":[{"href":"https:\/\/www.heroesparkbeaconsfield.org\/fr\/wp-json\/wp\/v2\/media?parent=61"}],"curies":[{"name":"wp","href":"https:\/\/api.w.org\/{rel}","templated":true}]}}